{"id":2609,"date":"2021-08-05T11:08:56","date_gmt":"2021-08-05T11:08:56","guid":{"rendered":"https:\/\/blog.comicsbarcelona.com\/?post_type=mec-events&#038;p=2609"},"modified":"2021-08-05T11:08:56","modified_gmt":"2021-08-05T11:08:56","slug":"primera-aparicion-de-batman-988-742-888-798-127","status":"publish","type":"mec-events","link":"https:\/\/blog.comicsbarcelona.com\/index.php\/events\/primera-aparicion-de-batman-988-742-888-798-127\/","title":{"rendered":"Estreno de El Escuadr\u00f3n Suicida de David Ayer"},"content":{"rendered":"<p>Dentro del intento de <em><strong>Warner<\/strong> <\/em>de construir un universo propio a semejanza del de <em><strong>Marvel Studios<\/strong><\/em>, se apost\u00f3 por dedicar una pel\u00edcula a un grupo de personajes de <em><strong>DC<\/strong> <\/em>bastante desconocidos que conformaban el llamado <em><strong>Escuadr\u00f3n Suicida<\/strong><\/em>.<\/p>\n<p>El <em>Escuadr\u00f3n<\/em> hab\u00eda tenido <strong>muchas alineaciones<\/strong> en las vi\u00f1etas, siendo la que se eligi\u00f3 para esta pel\u00edcula la conformada por <em><strong>Rick Flagg<\/strong><\/em>, <em><strong>Deadshot<\/strong><\/em>,<em><strong> Killer<\/strong> <strong>Croc<\/strong><\/em>, <em><strong>Diablo<\/strong><\/em>, <em><strong>Encantadora<\/strong><\/em>, <em><strong>Katana<\/strong><\/em>, <em><strong>Slipknot<\/strong><\/em>, <em><strong>Capit\u00e1n Bumer\u00e1n<\/strong><\/em> y sobre todo <em><strong>Harley Quinn<\/strong><\/em>, personaje interpretado por <em><strong>Margot Robbie<\/strong><\/em> que fue la verdadera revelaci\u00f3n de la cinta.<\/p>\n<p>Asimismo, se decidi\u00f3 incluir al personaje de <em><strong>Joker<\/strong> <\/em>interpretado por <em><strong>Jared Leto<\/strong><\/em> en una encarnaci\u00f3n que como m\u00ednimo a nivel est\u00e9tico <strong>disgust\u00f3 a muchos de los fans del personaje<\/strong>.<\/p>\n<p>El rodaje <strong>no estuvo exento de complicaciones<\/strong>, siendo alterado en post producci\u00f3n y haci\u00e9ndonos llegar al final un <strong>producto muy alejado de las intenciones de <em>Ayer<\/em><\/strong> seg\u00fan declaraciones del propio director.<\/p>\n<p>La cinta se estren\u00f3 en <em>Espa\u00f1a<\/em> el <strong>5 de agosto de 2016<\/strong><\/p>\n<p><span style=\"font-weight: 400;\">[imacPrestashop_categorias cant_productos=&#8221;3&#8243; categoria=&#8221;151&#8243; idioma=&#8221;1&#8243;]<\/span><\/p>\n","protected":false},"excerpt":{"rendered":"<p>Dentro del intento de Warner de construir un universo propio a semejanza del de Marvel Studios, se apost\u00f3 por dedicar una pel\u00edcula a un grupo de personajes de DC bastante desconocidos que conformaban el llamado Escuadr\u00f3n Suicida. El Escuadr\u00f3n hab\u00eda tenido muchas alineaciones en las vi\u00f1etas, siendo la que se eligi\u00f3 para esta pel\u00edcula la [&hellip;]<\/p>\n","protected":false},"author":1,"featured_media":2610,"comment_status":"closed","ping_status":"closed","template":"","tags":[],"mec_category":[54,72],"_links":{"self":[{"href":"https:\/\/blog.comicsbarcelona.com\/index.php\/wp-json\/wp\/v2\/mec-events\/2609"}],"collection":[{"href":"https:\/\/blog.comicsbarcelona.com\/index.php\/wp-json\/wp\/v2\/mec-events"}],"about":[{"href":"https:\/\/blog.comicsbarcelona.com\/index.php\/wp-json\/wp\/v2\/types\/mec-events"}],"author":[{"embeddable":true,"href":"https:\/\/blog.comicsbarcelona.com\/index.php\/wp-json\/wp\/v2\/users\/1"}],"replies":[{"embeddable":true,"href":"https:\/\/blog.comicsbarcelona.com\/index.php\/wp-json\/wp\/v2\/comments?post=2609"}],"wp:featuredmedia":[{"embeddable":true,"href":"https:\/\/blog.comicsbarcelona.com\/index.php\/wp-json\/wp\/v2\/media\/2610"}],"wp:attachment":[{"href":"https:\/\/blog.comicsbarcelona.com\/index.php\/wp-json\/wp\/v2\/media?parent=2609"}],"wp:term":[{"taxonomy":"post_tag","embeddable":true,"href":"https:\/\/blog.comicsbarcelona.com\/index.php\/wp-json\/wp\/v2\/tags?post=2609"},{"taxonomy":"mec_category","embeddable":true,"href":"https:\/\/blog.comicsbarcelona.com\/index.php\/wp-json\/wp\/v2\/mec_category?post=2609"}],"curies":[{"name":"wp","href":"https:\/\/api.w.org\/{rel}","templated":true}]}}